{"id":2373,"date":"2024-06-11T17:52:35","date_gmt":"2024-06-11T15:52:35","guid":{"rendered":"https:\/\/a-p-p.ch\/?page_id=2373"},"modified":"2024-07-05T16:43:57","modified_gmt":"2024-07-05T14:43:57","slug":"locarno","status":"publish","type":"page","link":"https:\/\/a-p-p.ch\/de\/zentrumsadressen\/locarno\/","title":{"rendered":"Locarno"},"content":{"rendered":"<p><iframe loading=\"lazy\" style=\"border: 0;\" src=\"https:\/\/www.google.com\/maps\/embed?pb=!1m18!1m12!1m3!1d1381.5514285786637!2d8.796061930074938!3d46.16860818031132!2m3!1f0!2f0!3f0!3m2!1i1024!2i768!4f13.1!3m3!1m2!1s0x4785c924dd238839%3A0x3b90f01d04f5927e!2sStudio%20Auris%20-%20Audiopsicofonologia%20secondo%20A.%20Tomatis!5e0!3m2!1sde!2sch!4v1720190579891!5m2!1sde!2sch\" width=\"1080\" height=\"450\" allowfullscreen=\"allowfullscreen\"><span data-mce-type=\"bookmark\" style=\"display: inline-block; width: 0px; overflow: hidden; line-height: 0;\" class=\"mce_SELRES_start\">\ufeff<\/span><span data-mce-type=\"bookmark\" style=\"display: inline-block; width: 0px; overflow: hidden; line-height: 0;\" class=\"mce_SELRES_start\">\ufeff<\/span><\/iframe><\/p>\n<hr \/>\n<p><strong>Studio Auris<\/strong><br \/>\nVia Antonio Ciseri 6, 6600 Locarno<\/p>\n<p>Mobile: +41 (0)76 477 69 36<br \/>\nMail: <a href=\"mailto:info@studioauris.com\">info@studioauris.com<\/a><\/p>\n<p>Le centre de th\u00e9rapie compl\u00e9mentaire Studio Auris est situ\u00e9 au Tessin, dans la charmante ville de Locarno. Ici, les clients ont l&#8217;opportunit\u00e9 de suivre les s\u00e9ances d&#8217;\u00e9coute dans un environnement agr\u00e9able et professionnel. Le cabinet est spacieux et lumineux, et les salles utilis\u00e9es pour la th\u00e9rapie sont tr\u00e8s confortables et \u00e9quip\u00e9es de mat\u00e9riel de dessin et jeux pour enfants.<\/p>\n<hr \/>\n<h2>Anna Comizzoli<\/h2>\n<p>N\u00e9 \u00e0 Locarno en 1979, apr\u00e8s une formation en \u00e9tudes humanistes, je suis partie pour l&#8217;Inde. Pendant les quatre ann\u00e9es pass\u00e9es dans le sous-continent indien, je me suis form\u00e9e comme praticienne en ayurv\u00e9da et professeure de yoga et j&#8217;ai \u00e9tudi\u00e9 de mani\u00e8re extensive les traditions culturelles, les syst\u00e8mes philosophiques et la m\u00e9decine holistique de l\u2019Asie du Sud.<\/p>\n<p>J&#8217;exerce la profession de th\u00e9rapeute compl\u00e9mentaire depuis l&#8217;ann\u00e9e 2010 et je poursuis mon parcours acad\u00e9mique dans le domaine des Langues et civilisations d&#8217;Asie du Sud \u00e0 l&#8217;Universit\u00e9 de Turin, o\u00f9 j&#8217;\u00e9tudie la langue hindi (niveau B2) et le sanskrit classique.<\/p>\n<p>Mon grand int\u00e9r\u00eat pour le cosmos sonore indien et les langues en g\u00e9n\u00e9ral, m&#8217;a rapproch\u00e9 \u00e0 l&#8217;audio-psycho-phonologie selon Alfred Tomatis. Apr\u00e8s avoir compl\u00e9t\u00e9 ma formation, j&#8217;ai d\u00e9cid\u00e9 d&#8217;int\u00e9grer cette m\u00e9thode de la th\u00e9rapie compl\u00e9mentaire \u00e0 l&#8217;ayurv\u00e9da th\u00e9rapie et \u00e0 la yoga th\u00e9rapie, dans le but de travailler de mani\u00e8re plus efficace sur un large spectre de troubles.<\/p>\n<hr \/>\n<h2>ACC\u00c8S<\/h2>\n<h3>Transport Publics<\/h3>\n<ul>\n<li>Bus, 1,3,4,311,312,314,316,et 324, arr\u00eat Centro.<\/li>\n<\/ul>\n<h3>En Voiture<\/h3>\n<ul>\n<li>Parking payant dans les environs du cabinet.<\/li>\n<\/ul>\n","protected":false},"excerpt":{"rendered":"<p>Studio Auris I Via Antonio Ciseri 6 I 6600 Locarno<\/p>\n","protected":false},"author":4,"featured_media":259,"parent":27,"menu_order":0,"comment_status":"closed","ping_status":"closed","template":"","meta":{"_acf_changed":false,"_et_pb_use_builder":"","_et_pb_old_content":"","_et_gb_content_width":"","footnotes":""},"class_list":["post-2373","page","type-page","status-publish","has-post-thumbnail","hentry"],"acf":[],"yoast_head":"<!-- This site is optimized with the Yoast SEO plugin v27.4 - https:\/\/yoast.com\/product\/yoast-seo-wordpress\/ -->\n<title>Locarno<\/title>\n<meta name=\"description\" content=\"Locarno - Schweizerischer Berufsverband f\u00fcr A.P.P. nach A. Tomatis\" \/>\n<meta name=\"robots\" content=\"index, follow, max-snippet:-1, max-image-preview:large, max-video-preview:-1\" \/>\n<link rel=\"canonical\" href=\"https:\/\/a-p-p.ch\/de\/zentrumsadressen\/locarno\/\" \/>\n<meta property=\"og:locale\" content=\"de_DE\" \/>\n<meta property=\"og:type\" content=\"article\" \/>\n<meta property=\"og:title\" content=\"Locarno\" \/>\n<meta property=\"og:description\" content=\"Locarno - Schweizerischer Berufsverband f\u00fcr A.P.P. nach A. Tomatis\" \/>\n<meta property=\"og:url\" content=\"https:\/\/a-p-p.ch\/de\/zentrumsadressen\/locarno\/\" \/>\n<meta property=\"og:site_name\" content=\"Schweizerischer Berufsverband f\u00fcr A.P.P. nach A. Tomatis\" \/>\n<meta property=\"article:modified_time\" content=\"2024-07-05T14:43:57+00:00\" \/>\n<meta property=\"og:image\" content=\"https:\/\/a-p-p.ch\/wp-content\/uploads\/2022\/04\/APP-Spirale-mit-Text-Logo.png\" \/>\n\t<meta property=\"og:image:width\" content=\"1080\" \/>\n\t<meta property=\"og:image:height\" content=\"855\" \/>\n\t<meta property=\"og:image:type\" content=\"image\/png\" \/>\n<meta name=\"twitter:card\" content=\"summary_large_image\" \/>\n<meta name=\"twitter:label1\" content=\"Gesch\u00e4tzte Lesezeit\" \/>\n\t<meta name=\"twitter:data1\" content=\"1\u00a0Minute\" \/>\n<script type=\"application\/ld+json\" class=\"yoast-schema-graph\">{\"@context\":\"https:\\\/\\\/schema.org\",\"@graph\":[{\"@type\":\"WebPage\",\"@id\":\"https:\\\/\\\/a-p-p.ch\\\/de\\\/zentrumsadressen\\\/locarno\\\/\",\"url\":\"https:\\\/\\\/a-p-p.ch\\\/de\\\/zentrumsadressen\\\/locarno\\\/\",\"name\":\"Locarno\",\"isPartOf\":{\"@id\":\"https:\\\/\\\/a-p-p.ch\\\/de\\\/#website\"},\"primaryImageOfPage\":{\"@id\":\"https:\\\/\\\/a-p-p.ch\\\/de\\\/zentrumsadressen\\\/locarno\\\/#primaryimage\"},\"image\":{\"@id\":\"https:\\\/\\\/a-p-p.ch\\\/de\\\/zentrumsadressen\\\/locarno\\\/#primaryimage\"},\"thumbnailUrl\":\"https:\\\/\\\/a-p-p.ch\\\/wp-content\\\/uploads\\\/2022\\\/04\\\/APP-Spirale-mit-Text-Logo.png\",\"datePublished\":\"2024-06-11T15:52:35+00:00\",\"dateModified\":\"2024-07-05T14:43:57+00:00\",\"description\":\"Locarno - Schweizerischer Berufsverband f\u00fcr A.P.P. nach A. Tomatis\",\"breadcrumb\":{\"@id\":\"https:\\\/\\\/a-p-p.ch\\\/de\\\/zentrumsadressen\\\/locarno\\\/#breadcrumb\"},\"inLanguage\":\"de\",\"potentialAction\":[{\"@type\":\"ReadAction\",\"target\":[\"https:\\\/\\\/a-p-p.ch\\\/de\\\/zentrumsadressen\\\/locarno\\\/\"]}]},{\"@type\":\"ImageObject\",\"inLanguage\":\"de\",\"@id\":\"https:\\\/\\\/a-p-p.ch\\\/de\\\/zentrumsadressen\\\/locarno\\\/#primaryimage\",\"url\":\"https:\\\/\\\/a-p-p.ch\\\/wp-content\\\/uploads\\\/2022\\\/04\\\/APP-Spirale-mit-Text-Logo.png\",\"contentUrl\":\"https:\\\/\\\/a-p-p.ch\\\/wp-content\\\/uploads\\\/2022\\\/04\\\/APP-Spirale-mit-Text-Logo.png\",\"width\":1080,\"height\":855},{\"@type\":\"BreadcrumbList\",\"@id\":\"https:\\\/\\\/a-p-p.ch\\\/de\\\/zentrumsadressen\\\/locarno\\\/#breadcrumb\",\"itemListElement\":[{\"@type\":\"ListItem\",\"position\":1,\"name\":\"Startseite\",\"item\":\"https:\\\/\\\/a-p-p.ch\\\/de\\\/\"},{\"@type\":\"ListItem\",\"position\":2,\"name\":\"Zentrumsadressen\",\"item\":\"https:\\\/\\\/a-p-p.ch\\\/de\\\/zentrumsadressen\\\/\"},{\"@type\":\"ListItem\",\"position\":3,\"name\":\"Locarno\"}]},{\"@type\":\"WebSite\",\"@id\":\"https:\\\/\\\/a-p-p.ch\\\/de\\\/#website\",\"url\":\"https:\\\/\\\/a-p-p.ch\\\/de\\\/\",\"name\":\"Schweizerischer Berufsverband f\u00fcr A.P.P. nach A. Tomatis\",\"description\":\"\",\"publisher\":{\"@id\":\"https:\\\/\\\/a-p-p.ch\\\/de\\\/#organization\"},\"potentialAction\":[{\"@type\":\"SearchAction\",\"target\":{\"@type\":\"EntryPoint\",\"urlTemplate\":\"https:\\\/\\\/a-p-p.ch\\\/de\\\/?s={search_term_string}\"},\"query-input\":{\"@type\":\"PropertyValueSpecification\",\"valueRequired\":true,\"valueName\":\"search_term_string\"}}],\"inLanguage\":\"de\"},{\"@type\":\"Organization\",\"@id\":\"https:\\\/\\\/a-p-p.ch\\\/de\\\/#organization\",\"name\":\"Schweizerischer Berufsverband f\u00fcr A.P.P. nach A. Tomatis\",\"alternateName\":\"APP\",\"url\":\"https:\\\/\\\/a-p-p.ch\\\/de\\\/\",\"logo\":{\"@type\":\"ImageObject\",\"inLanguage\":\"de\",\"@id\":\"https:\\\/\\\/a-p-p.ch\\\/de\\\/#\\\/schema\\\/logo\\\/image\\\/\",\"url\":\"https:\\\/\\\/a-p-p.ch\\\/wp-content\\\/uploads\\\/2022\\\/04\\\/cropped-APP-Spirale-Logo.png\",\"contentUrl\":\"https:\\\/\\\/a-p-p.ch\\\/wp-content\\\/uploads\\\/2022\\\/04\\\/cropped-APP-Spirale-Logo.png\",\"width\":512,\"height\":512,\"caption\":\"Schweizerischer Berufsverband f\u00fcr A.P.P. nach A. Tomatis\"},\"image\":{\"@id\":\"https:\\\/\\\/a-p-p.ch\\\/de\\\/#\\\/schema\\\/logo\\\/image\\\/\"}}]}<\/script>\n<!-- \/ Yoast SEO plugin. -->","yoast_head_json":{"title":"Locarno","description":"Locarno - Schweizerischer Berufsverband f\u00fcr A.P.P. nach A. Tomatis","robots":{"index":"index","follow":"follow","max-snippet":"max-snippet:-1","max-image-preview":"max-image-preview:large","max-video-preview":"max-video-preview:-1"},"canonical":"https:\/\/a-p-p.ch\/de\/zentrumsadressen\/locarno\/","og_locale":"de_DE","og_type":"article","og_title":"Locarno","og_description":"Locarno - Schweizerischer Berufsverband f\u00fcr A.P.P. nach A. Tomatis","og_url":"https:\/\/a-p-p.ch\/de\/zentrumsadressen\/locarno\/","og_site_name":"Schweizerischer Berufsverband f\u00fcr A.P.P. nach A. Tomatis","article_modified_time":"2024-07-05T14:43:57+00:00","og_image":[{"width":1080,"height":855,"url":"https:\/\/a-p-p.ch\/wp-content\/uploads\/2022\/04\/APP-Spirale-mit-Text-Logo.png","type":"image\/png"}],"twitter_card":"summary_large_image","twitter_misc":{"Gesch\u00e4tzte Lesezeit":"1\u00a0Minute"},"schema":{"@context":"https:\/\/schema.org","@graph":[{"@type":"WebPage","@id":"https:\/\/a-p-p.ch\/de\/zentrumsadressen\/locarno\/","url":"https:\/\/a-p-p.ch\/de\/zentrumsadressen\/locarno\/","name":"Locarno","isPartOf":{"@id":"https:\/\/a-p-p.ch\/de\/#website"},"primaryImageOfPage":{"@id":"https:\/\/a-p-p.ch\/de\/zentrumsadressen\/locarno\/#primaryimage"},"image":{"@id":"https:\/\/a-p-p.ch\/de\/zentrumsadressen\/locarno\/#primaryimage"},"thumbnailUrl":"https:\/\/a-p-p.ch\/wp-content\/uploads\/2022\/04\/APP-Spirale-mit-Text-Logo.png","datePublished":"2024-06-11T15:52:35+00:00","dateModified":"2024-07-05T14:43:57+00:00","description":"Locarno - Schweizerischer Berufsverband f\u00fcr A.P.P. nach A. Tomatis","breadcrumb":{"@id":"https:\/\/a-p-p.ch\/de\/zentrumsadressen\/locarno\/#breadcrumb"},"inLanguage":"de","potentialAction":[{"@type":"ReadAction","target":["https:\/\/a-p-p.ch\/de\/zentrumsadressen\/locarno\/"]}]},{"@type":"ImageObject","inLanguage":"de","@id":"https:\/\/a-p-p.ch\/de\/zentrumsadressen\/locarno\/#primaryimage","url":"https:\/\/a-p-p.ch\/wp-content\/uploads\/2022\/04\/APP-Spirale-mit-Text-Logo.png","contentUrl":"https:\/\/a-p-p.ch\/wp-content\/uploads\/2022\/04\/APP-Spirale-mit-Text-Logo.png","width":1080,"height":855},{"@type":"BreadcrumbList","@id":"https:\/\/a-p-p.ch\/de\/zentrumsadressen\/locarno\/#breadcrumb","itemListElement":[{"@type":"ListItem","position":1,"name":"Startseite","item":"https:\/\/a-p-p.ch\/de\/"},{"@type":"ListItem","position":2,"name":"Zentrumsadressen","item":"https:\/\/a-p-p.ch\/de\/zentrumsadressen\/"},{"@type":"ListItem","position":3,"name":"Locarno"}]},{"@type":"WebSite","@id":"https:\/\/a-p-p.ch\/de\/#website","url":"https:\/\/a-p-p.ch\/de\/","name":"Schweizerischer Berufsverband f\u00fcr A.P.P. nach A. Tomatis","description":"","publisher":{"@id":"https:\/\/a-p-p.ch\/de\/#organization"},"potentialAction":[{"@type":"SearchAction","target":{"@type":"EntryPoint","urlTemplate":"https:\/\/a-p-p.ch\/de\/?s={search_term_string}"},"query-input":{"@type":"PropertyValueSpecification","valueRequired":true,"valueName":"search_term_string"}}],"inLanguage":"de"},{"@type":"Organization","@id":"https:\/\/a-p-p.ch\/de\/#organization","name":"Schweizerischer Berufsverband f\u00fcr A.P.P. nach A. Tomatis","alternateName":"APP","url":"https:\/\/a-p-p.ch\/de\/","logo":{"@type":"ImageObject","inLanguage":"de","@id":"https:\/\/a-p-p.ch\/de\/#\/schema\/logo\/image\/","url":"https:\/\/a-p-p.ch\/wp-content\/uploads\/2022\/04\/cropped-APP-Spirale-Logo.png","contentUrl":"https:\/\/a-p-p.ch\/wp-content\/uploads\/2022\/04\/cropped-APP-Spirale-Logo.png","width":512,"height":512,"caption":"Schweizerischer Berufsverband f\u00fcr A.P.P. nach A. Tomatis"},"image":{"@id":"https:\/\/a-p-p.ch\/de\/#\/schema\/logo\/image\/"}}]}},"_links":{"self":[{"href":"https:\/\/a-p-p.ch\/de\/wp-json\/wp\/v2\/pages\/2373","targetHints":{"allow":["GET"]}}],"collection":[{"href":"https:\/\/a-p-p.ch\/de\/wp-json\/wp\/v2\/pages"}],"about":[{"href":"https:\/\/a-p-p.ch\/de\/wp-json\/wp\/v2\/types\/page"}],"author":[{"embeddable":true,"href":"https:\/\/a-p-p.ch\/de\/wp-json\/wp\/v2\/users\/4"}],"replies":[{"embeddable":true,"href":"https:\/\/a-p-p.ch\/de\/wp-json\/wp\/v2\/comments?post=2373"}],"version-history":[{"count":0,"href":"https:\/\/a-p-p.ch\/de\/wp-json\/wp\/v2\/pages\/2373\/revisions"}],"up":[{"embeddable":true,"href":"https:\/\/a-p-p.ch\/de\/wp-json\/wp\/v2\/pages\/27"}],"wp:featuredmedia":[{"embeddable":true,"href":"https:\/\/a-p-p.ch\/de\/wp-json\/wp\/v2\/media\/259"}],"wp:attachment":[{"href":"https:\/\/a-p-p.ch\/de\/wp-json\/wp\/v2\/media?parent=2373"}],"curies":[{"name":"wp","href":"https:\/\/api.w.org\/{rel}","templated":true}]}}