{"id":2673,"date":"2025-03-04T08:23:05","date_gmt":"2025-03-04T07:23:05","guid":{"rendered":"https:\/\/a-p-p.ch\/?post_type=tribe_events&#038;p=2673"},"modified":"2025-03-04T08:23:05","modified_gmt":"2025-03-04T07:23:05","slug":"einladung-zur-28-generalversammlung-invitation-pour-la-28eme-assemblee-generale","status":"publish","type":"tribe_events","link":"https:\/\/a-p-p.ch\/de\/event\/einladung-zur-28-generalversammlung-invitation-pour-la-28eme-assemblee-generale\/","title":{"rendered":"Einladung zur 28. Generalversammlung \/ Invitation pour la 28\u00e8me Assembl\u00e9e G\u00e9n\u00e9rale"},"content":{"rendered":"<div id=\"attachment_2674\" style=\"width: 310px\" class=\"wp-caption alignnone\"><img loading=\"lazy\" decoding=\"async\" aria-describedby=\"caption-attachment-2674\" class=\"size-medium wp-image-2674\" src=\"https:\/\/a-p-p.ch\/wp-content\/uploads\/2025\/03\/headway-5QgIuuBxKwM-unsplash-300x200.jpg\" alt=\"Einladung zur 28. Generalversammlung\" width=\"300\" height=\"200\" \/><p id=\"caption-attachment-2674\" class=\"wp-caption-text\">Einladung zur 28. Generalversammlung<\/p><\/div>\n<p>Ort\/ Lieu: Berne Casa d\u2019Italia, B\u00fchlstrasse 57, 3012 Bern<br \/>\nDatum \/Date: Freitag, 14. M\u00e4rz 2025 \/ Vendredi 14mars 2025<br \/>\nZeiten \/Horaires: 09h00 \u2013 12.00 14h00 \u2013 16.30<\/p>\n<p>&nbsp;<\/p>\n","protected":false},"excerpt":{"rendered":"<p>Ort\/ Lieu: Berne Casa d\u2019Italia, B\u00fchlstrasse 57, 3012 Bern Datum \/Date: Freitag, 14. M\u00e4rz 2025 \/ Vendredi 14mars 2025 Zeiten \/Horaires: 09h00 \u2013 12.00 14h00 \u2013 16.30 &nbsp;<\/p>\n","protected":false},"author":4,"featured_media":0,"template":"","meta":{"_acf_changed":false,"_et_pb_use_builder":"","_et_pb_old_content":"","_et_gb_content_width":"","_tribe_events_status":"","_tribe_events_status_reason":"","footnotes":""},"tags":[],"tribe_events_cat":[],"class_list":["post-2673","tribe_events","type-tribe_events","status-publish","hentry"],"acf":[],"yoast_head":"<!-- This site is optimized with the Yoast SEO plugin v27.4 - https:\/\/yoast.com\/product\/yoast-seo-wordpress\/ -->\n<title>Einladung zur 28. Generalversammlung \/ Invitation pour la 28\u00e8me Assembl\u00e9e G\u00e9n\u00e9rale<\/title>\n<meta name=\"description\" content=\"Einladung zur 28. Generalversammlung \/ Invitation pour la 28\u00e8me Assembl\u00e9e G\u00e9n\u00e9rale - Schweizerischer Berufsverband f\u00fcr A.P.P. nach A. Tomatis\" \/>\n<meta name=\"robots\" content=\"index, follow, max-snippet:-1, max-image-preview:large, max-video-preview:-1\" \/>\n<link rel=\"canonical\" href=\"https:\/\/a-p-p.ch\/de\/event\/einladung-zur-28-generalversammlung-invitation-pour-la-28eme-assemblee-generale\/\" \/>\n<meta property=\"og:locale\" content=\"de_DE\" \/>\n<meta property=\"og:type\" content=\"article\" \/>\n<meta property=\"og:title\" content=\"Einladung zur 28. Generalversammlung \/ Invitation pour la 28\u00e8me Assembl\u00e9e G\u00e9n\u00e9rale\" \/>\n<meta property=\"og:description\" content=\"Einladung zur 28. Generalversammlung \/ Invitation pour la 28\u00e8me Assembl\u00e9e G\u00e9n\u00e9rale - Schweizerischer Berufsverband f\u00fcr A.P.P. nach A. Tomatis\" \/>\n<meta property=\"og:url\" content=\"https:\/\/a-p-p.ch\/de\/event\/einladung-zur-28-generalversammlung-invitation-pour-la-28eme-assemblee-generale\/\" \/>\n<meta property=\"og:site_name\" content=\"Schweizerischer Berufsverband f\u00fcr A.P.P. nach A. Tomatis\" \/>\n<meta property=\"og:image\" content=\"https:\/\/a-p-p.ch\/wp-content\/uploads\/2025\/03\/headway-5QgIuuBxKwM-unsplash-scaled.jpg\" \/>\n\t<meta property=\"og:image:width\" content=\"2880\" \/>\n\t<meta property=\"og:image:height\" content=\"1920\" \/>\n\t<meta property=\"og:image:type\" content=\"image\/jpeg\" \/>\n<meta name=\"twitter:card\" content=\"summary_large_image\" \/>\n<script type=\"application\/ld+json\" class=\"yoast-schema-graph\">{\"@context\":\"https:\\\/\\\/schema.org\",\"@graph\":[{\"@type\":\"WebPage\",\"@id\":\"https:\\\/\\\/a-p-p.ch\\\/de\\\/event\\\/einladung-zur-28-generalversammlung-invitation-pour-la-28eme-assemblee-generale\\\/\",\"url\":\"https:\\\/\\\/a-p-p.ch\\\/de\\\/event\\\/einladung-zur-28-generalversammlung-invitation-pour-la-28eme-assemblee-generale\\\/\",\"name\":\"Einladung zur 28. Generalversammlung \\\/ Invitation pour la 28\u00e8me Assembl\u00e9e G\u00e9n\u00e9rale\",\"isPartOf\":{\"@id\":\"https:\\\/\\\/a-p-p.ch\\\/de\\\/#website\"},\"primaryImageOfPage\":{\"@id\":\"https:\\\/\\\/a-p-p.ch\\\/de\\\/event\\\/einladung-zur-28-generalversammlung-invitation-pour-la-28eme-assemblee-generale\\\/#primaryimage\"},\"image\":{\"@id\":\"https:\\\/\\\/a-p-p.ch\\\/de\\\/event\\\/einladung-zur-28-generalversammlung-invitation-pour-la-28eme-assemblee-generale\\\/#primaryimage\"},\"thumbnailUrl\":\"https:\\\/\\\/a-p-p.ch\\\/wp-content\\\/uploads\\\/2025\\\/03\\\/headway-5QgIuuBxKwM-unsplash-300x200.jpg\",\"datePublished\":\"2025-03-04T07:23:05+00:00\",\"description\":\"Einladung zur 28. Generalversammlung \\\/ Invitation pour la 28\u00e8me Assembl\u00e9e G\u00e9n\u00e9rale - Schweizerischer Berufsverband f\u00fcr A.P.P. nach A. Tomatis\",\"breadcrumb\":{\"@id\":\"https:\\\/\\\/a-p-p.ch\\\/de\\\/event\\\/einladung-zur-28-generalversammlung-invitation-pour-la-28eme-assemblee-generale\\\/#breadcrumb\"},\"inLanguage\":\"de\",\"potentialAction\":[{\"@type\":\"ReadAction\",\"target\":[\"https:\\\/\\\/a-p-p.ch\\\/de\\\/event\\\/einladung-zur-28-generalversammlung-invitation-pour-la-28eme-assemblee-generale\\\/\"]}]},{\"@type\":\"ImageObject\",\"inLanguage\":\"de\",\"@id\":\"https:\\\/\\\/a-p-p.ch\\\/de\\\/event\\\/einladung-zur-28-generalversammlung-invitation-pour-la-28eme-assemblee-generale\\\/#primaryimage\",\"url\":\"https:\\\/\\\/a-p-p.ch\\\/wp-content\\\/uploads\\\/2025\\\/03\\\/headway-5QgIuuBxKwM-unsplash-300x200.jpg\",\"contentUrl\":\"https:\\\/\\\/a-p-p.ch\\\/wp-content\\\/uploads\\\/2025\\\/03\\\/headway-5QgIuuBxKwM-unsplash-300x200.jpg\"},{\"@type\":\"BreadcrumbList\",\"@id\":\"https:\\\/\\\/a-p-p.ch\\\/de\\\/event\\\/einladung-zur-28-generalversammlung-invitation-pour-la-28eme-assemblee-generale\\\/#breadcrumb\",\"itemListElement\":[{\"@type\":\"ListItem\",\"position\":1,\"name\":\"Startseite\",\"item\":\"https:\\\/\\\/a-p-p.ch\\\/de\\\/\"},{\"@type\":\"ListItem\",\"position\":2,\"name\":\"Veranstaltungen\",\"item\":\"https:\\\/\\\/a-p-p.ch\\\/de\\\/events\\\/\"},{\"@type\":\"ListItem\",\"position\":3,\"name\":\"Einladung zur 28. Generalversammlung \\\/ Invitation pour la 28\u00e8me Assembl\u00e9e G\u00e9n\u00e9rale\"}]},{\"@type\":\"WebSite\",\"@id\":\"https:\\\/\\\/a-p-p.ch\\\/de\\\/#website\",\"url\":\"https:\\\/\\\/a-p-p.ch\\\/de\\\/\",\"name\":\"Schweizerischer Berufsverband f\u00fcr A.P.P. nach A. Tomatis\",\"description\":\"\",\"publisher\":{\"@id\":\"https:\\\/\\\/a-p-p.ch\\\/de\\\/#organization\"},\"potentialAction\":[{\"@type\":\"SearchAction\",\"target\":{\"@type\":\"EntryPoint\",\"urlTemplate\":\"https:\\\/\\\/a-p-p.ch\\\/de\\\/?s={search_term_string}\"},\"query-input\":{\"@type\":\"PropertyValueSpecification\",\"valueRequired\":true,\"valueName\":\"search_term_string\"}}],\"inLanguage\":\"de\"},{\"@type\":\"Organization\",\"@id\":\"https:\\\/\\\/a-p-p.ch\\\/de\\\/#organization\",\"name\":\"Schweizerischer Berufsverband f\u00fcr A.P.P. nach A. Tomatis\",\"alternateName\":\"APP\",\"url\":\"https:\\\/\\\/a-p-p.ch\\\/de\\\/\",\"logo\":{\"@type\":\"ImageObject\",\"inLanguage\":\"de\",\"@id\":\"https:\\\/\\\/a-p-p.ch\\\/de\\\/#\\\/schema\\\/logo\\\/image\\\/\",\"url\":\"https:\\\/\\\/a-p-p.ch\\\/wp-content\\\/uploads\\\/2022\\\/04\\\/cropped-APP-Spirale-Logo.png\",\"contentUrl\":\"https:\\\/\\\/a-p-p.ch\\\/wp-content\\\/uploads\\\/2022\\\/04\\\/cropped-APP-Spirale-Logo.png\",\"width\":512,\"height\":512,\"caption\":\"Schweizerischer Berufsverband f\u00fcr A.P.P. nach A. Tomatis\"},\"image\":{\"@id\":\"https:\\\/\\\/a-p-p.ch\\\/de\\\/#\\\/schema\\\/logo\\\/image\\\/\"}}]}<\/script>\n<!-- \/ Yoast SEO plugin. -->","yoast_head_json":{"title":"Einladung zur 28. Generalversammlung \/ Invitation pour la 28\u00e8me Assembl\u00e9e G\u00e9n\u00e9rale","description":"Einladung zur 28. Generalversammlung \/ Invitation pour la 28\u00e8me Assembl\u00e9e G\u00e9n\u00e9rale - Schweizerischer Berufsverband f\u00fcr A.P.P. nach A. Tomatis","robots":{"index":"index","follow":"follow","max-snippet":"max-snippet:-1","max-image-preview":"max-image-preview:large","max-video-preview":"max-video-preview:-1"},"canonical":"https:\/\/a-p-p.ch\/de\/event\/einladung-zur-28-generalversammlung-invitation-pour-la-28eme-assemblee-generale\/","og_locale":"de_DE","og_type":"article","og_title":"Einladung zur 28. Generalversammlung \/ Invitation pour la 28\u00e8me Assembl\u00e9e G\u00e9n\u00e9rale","og_description":"Einladung zur 28. Generalversammlung \/ Invitation pour la 28\u00e8me Assembl\u00e9e G\u00e9n\u00e9rale - Schweizerischer Berufsverband f\u00fcr A.P.P. nach A. Tomatis","og_url":"https:\/\/a-p-p.ch\/de\/event\/einladung-zur-28-generalversammlung-invitation-pour-la-28eme-assemblee-generale\/","og_site_name":"Schweizerischer Berufsverband f\u00fcr A.P.P. nach A. Tomatis","og_image":[{"width":2880,"height":1920,"url":"https:\/\/a-p-p.ch\/wp-content\/uploads\/2025\/03\/headway-5QgIuuBxKwM-unsplash-scaled.jpg","type":"image\/jpeg"}],"twitter_card":"summary_large_image","schema":{"@context":"https:\/\/schema.org","@graph":[{"@type":"WebPage","@id":"https:\/\/a-p-p.ch\/de\/event\/einladung-zur-28-generalversammlung-invitation-pour-la-28eme-assemblee-generale\/","url":"https:\/\/a-p-p.ch\/de\/event\/einladung-zur-28-generalversammlung-invitation-pour-la-28eme-assemblee-generale\/","name":"Einladung zur 28. Generalversammlung \/ Invitation pour la 28\u00e8me Assembl\u00e9e G\u00e9n\u00e9rale","isPartOf":{"@id":"https:\/\/a-p-p.ch\/de\/#website"},"primaryImageOfPage":{"@id":"https:\/\/a-p-p.ch\/de\/event\/einladung-zur-28-generalversammlung-invitation-pour-la-28eme-assemblee-generale\/#primaryimage"},"image":{"@id":"https:\/\/a-p-p.ch\/de\/event\/einladung-zur-28-generalversammlung-invitation-pour-la-28eme-assemblee-generale\/#primaryimage"},"thumbnailUrl":"https:\/\/a-p-p.ch\/wp-content\/uploads\/2025\/03\/headway-5QgIuuBxKwM-unsplash-300x200.jpg","datePublished":"2025-03-04T07:23:05+00:00","description":"Einladung zur 28. Generalversammlung \/ Invitation pour la 28\u00e8me Assembl\u00e9e G\u00e9n\u00e9rale - Schweizerischer Berufsverband f\u00fcr A.P.P. nach A. Tomatis","breadcrumb":{"@id":"https:\/\/a-p-p.ch\/de\/event\/einladung-zur-28-generalversammlung-invitation-pour-la-28eme-assemblee-generale\/#breadcrumb"},"inLanguage":"de","potentialAction":[{"@type":"ReadAction","target":["https:\/\/a-p-p.ch\/de\/event\/einladung-zur-28-generalversammlung-invitation-pour-la-28eme-assemblee-generale\/"]}]},{"@type":"ImageObject","inLanguage":"de","@id":"https:\/\/a-p-p.ch\/de\/event\/einladung-zur-28-generalversammlung-invitation-pour-la-28eme-assemblee-generale\/#primaryimage","url":"https:\/\/a-p-p.ch\/wp-content\/uploads\/2025\/03\/headway-5QgIuuBxKwM-unsplash-300x200.jpg","contentUrl":"https:\/\/a-p-p.ch\/wp-content\/uploads\/2025\/03\/headway-5QgIuuBxKwM-unsplash-300x200.jpg"},{"@type":"BreadcrumbList","@id":"https:\/\/a-p-p.ch\/de\/event\/einladung-zur-28-generalversammlung-invitation-pour-la-28eme-assemblee-generale\/#breadcrumb","itemListElement":[{"@type":"ListItem","position":1,"name":"Startseite","item":"https:\/\/a-p-p.ch\/de\/"},{"@type":"ListItem","position":2,"name":"Veranstaltungen","item":"https:\/\/a-p-p.ch\/de\/events\/"},{"@type":"ListItem","position":3,"name":"Einladung zur 28. Generalversammlung \/ Invitation pour la 28\u00e8me Assembl\u00e9e G\u00e9n\u00e9rale"}]},{"@type":"WebSite","@id":"https:\/\/a-p-p.ch\/de\/#website","url":"https:\/\/a-p-p.ch\/de\/","name":"Schweizerischer Berufsverband f\u00fcr A.P.P. nach A. Tomatis","description":"","publisher":{"@id":"https:\/\/a-p-p.ch\/de\/#organization"},"potentialAction":[{"@type":"SearchAction","target":{"@type":"EntryPoint","urlTemplate":"https:\/\/a-p-p.ch\/de\/?s={search_term_string}"},"query-input":{"@type":"PropertyValueSpecification","valueRequired":true,"valueName":"search_term_string"}}],"inLanguage":"de"},{"@type":"Organization","@id":"https:\/\/a-p-p.ch\/de\/#organization","name":"Schweizerischer Berufsverband f\u00fcr A.P.P. nach A. Tomatis","alternateName":"APP","url":"https:\/\/a-p-p.ch\/de\/","logo":{"@type":"ImageObject","inLanguage":"de","@id":"https:\/\/a-p-p.ch\/de\/#\/schema\/logo\/image\/","url":"https:\/\/a-p-p.ch\/wp-content\/uploads\/2022\/04\/cropped-APP-Spirale-Logo.png","contentUrl":"https:\/\/a-p-p.ch\/wp-content\/uploads\/2022\/04\/cropped-APP-Spirale-Logo.png","width":512,"height":512,"caption":"Schweizerischer Berufsverband f\u00fcr A.P.P. nach A. Tomatis"},"image":{"@id":"https:\/\/a-p-p.ch\/de\/#\/schema\/logo\/image\/"}}]}},"_links":{"self":[{"href":"https:\/\/a-p-p.ch\/de\/wp-json\/wp\/v2\/tribe_events\/2673","targetHints":{"allow":["GET"]}}],"collection":[{"href":"https:\/\/a-p-p.ch\/de\/wp-json\/wp\/v2\/tribe_events"}],"about":[{"href":"https:\/\/a-p-p.ch\/de\/wp-json\/wp\/v2\/types\/tribe_events"}],"author":[{"embeddable":true,"href":"https:\/\/a-p-p.ch\/de\/wp-json\/wp\/v2\/users\/4"}],"version-history":[{"count":1,"href":"https:\/\/a-p-p.ch\/de\/wp-json\/wp\/v2\/tribe_events\/2673\/revisions"}],"predecessor-version":[{"id":2676,"href":"https:\/\/a-p-p.ch\/de\/wp-json\/wp\/v2\/tribe_events\/2673\/revisions\/2676"}],"wp:attachment":[{"href":"https:\/\/a-p-p.ch\/de\/wp-json\/wp\/v2\/media?parent=2673"}],"wp:term":[{"taxonomy":"post_tag","embeddable":true,"href":"https:\/\/a-p-p.ch\/de\/wp-json\/wp\/v2\/tags?post=2673"},{"taxonomy":"tribe_events_cat","embeddable":true,"href":"https:\/\/a-p-p.ch\/de\/wp-json\/wp\/v2\/tribe_events_cat?post=2673"}],"curies":[{"name":"wp","href":"https:\/\/api.w.org\/{rel}","templated":true}]}}