{"id":523,"date":"2022-05-19T13:30:16","date_gmt":"2022-05-19T11:30:16","guid":{"rendered":"https:\/\/2022.a-p-p.ch\/adresses-des-centres\/payerne\/"},"modified":"2024-08-17T19:59:02","modified_gmt":"2024-08-17T17:59:02","slug":"payerne","status":"publish","type":"page","link":"https:\/\/a-p-p.ch\/fr\/adresses-des-centres\/payerne\/","title":{"rendered":"Payerne"},"content":{"rendered":"<p><iframe loading=\"lazy\" style=\"border: 0;\" src=\"https:\/\/www.google.com\/maps\/embed?pb=!1m18!1m12!1m3!1d2730.069809588087!2d6.940035315907456!3d46.82262637914049!2m3!1f0!2f0!3f0!3m2!1i1024!2i768!4f13.1!3m3!1m2!1s0x478e76e9eb3d404d%3A0x2e6797ddc48fda6c!2sAv.%20de%20la%20Promenade%204%2C%201530%20Payerne!5e0!3m2!1sde!2sch!4v1652960238160!5m2!1sde!2sch\" width=\"1080\" height=\"450\" allowfullscreen=\"allowfullscreen\" data-mce-fragment=\"1\"><span data-mce-type=\"bookmark\" style=\"display: inline-block; width: 0px; overflow: hidden; line-height: 0;\" class=\"mce_SELRES_start\">\ufeff<\/span><span data-mce-type=\"bookmark\" style=\"display: inline-block; width: 0px; overflow: hidden; line-height: 0;\" class=\"mce_SELRES_start\">\ufeff<\/span><span data-mce-type=\"bookmark\" style=\"display: inline-block; width: 0px; overflow: hidden; line-height: 0;\" class=\"mce_SELRES_start\">\ufeff<\/span><span data-mce-type=\"bookmark\" style=\"display: inline-block; width: 0px; overflow: hidden; line-height: 0;\" class=\"mce_SELRES_start\">\ufeff<\/span><\/iframe><\/p>\n<hr \/>\n<p><strong>Centre de l\u2019Ecoute selon A. Tomatis<br \/>\n<\/strong>Avenue de la Promenade 4, 1530 Payerne<\/p>\n<p>Mobile: +41 (0)79 478 32 40<br \/>\nMail: <a href=\"mailto:cde.payerne@bluewin.ch\">cde.payerne@bluewin.ch<\/a><\/p>\n<p>Web: <a href=\"http:\/\/www.centre-ecoute-payerne.ch\" target=\"_blank\" rel=\"noopener\">www.centre-ecoute-payerne.ch<\/a><\/p>\n<hr \/>\n<h2>Christine M\u00e9gret (C)*<\/h2>\n<ul>\n<li>Dipl\u00f4m\u00e9e aupr\u00e8s de l\u2019Ecole Internationale Professionnelle d\u2019Audio-psycho-phonologie.<\/li>\n<li>Coach et Formatrice certifi\u00e9e aupr\u00e8s de la F\u00e9d\u00e9ration Suisse pour la Formation Continue.<\/li>\n<li>Coach de Coh\u00e9rence cardiaque form\u00e9e par le Dr David O\u2019Hare \u00e0 la Coherence Academy<\/li>\n<li>Th\u00e9rapeute\u00a0 certifi\u00e9 en Th\u00e9rapie d\u2019Acc\u00e8s \u00e0 la conscience (hypnose m\u00e9dicale) www.citac.fr<\/li>\n<li>Economiste de formation, elle a obtenu des dipl\u00f4mes universitaires en France, Espagne et Grande-Bretagne o\u00f9 elle a travaill\u00e9 et v\u00e9cu (ainsi qu\u2019en Suisse et en Allemagne).<\/li>\n<li>M\u00e8re de six enfants, elle s\u2019est progressivement form\u00e9e sur divers th\u00e8mes d\u2019\u00e9ducation et d\u2019apprentissage.<\/li>\n<li>Elle a travaill\u00e9 plusieurs ann\u00e9es dans le centre de l\u2019Ecoute de Neuch\u00e2tel avant d\u2019ouvrir le Centre de Payerne dont elle est responsable.<\/li>\n<\/ul>\n<p>*(C) certifi\u00e9 apr\u00e8s le contr\u00f4le des formations continues de l&#8217;association professionnelle<\/p>\n<hr \/>\n<h2>Acc\u00e8s<\/h2>\n<p>Situ\u00e9 au coeur m\u00eame de la ville de Payerne le Centre de l\u2019\u00e9coute est \u00e0 200 m\u00e8tres de la gare et en face de l\u2019Ecole de la Promenade. Le parking du stade est \u00e0 proximit\u00e9 du Centre.<\/p>\n","protected":false},"excerpt":{"rendered":"<p>\ufeff\ufeff\ufeff\ufeff Centre de l\u2019Ecoute selon A. Tomatis Avenue de la Promenade 4, 1530 Payerne Mobile: +41 (0)79 478 32 40 Mail: cde.payerne@bluewin.ch Web: www.centre-ecoute-payerne.ch Christine M\u00e9gret (C)* Dipl\u00f4m\u00e9e aupr\u00e8s de [&hellip;]<\/p>\n","protected":false},"author":2,"featured_media":440,"parent":489,"menu_order":0,"comment_status":"closed","ping_status":"closed","template":"","meta":{"_acf_changed":false,"_et_pb_use_builder":"","_et_pb_old_content":"","_et_gb_content_width":"","footnotes":""},"class_list":["post-523","page","type-page","status-publish","has-post-thumbnail","hentry"],"acf":[],"yoast_head":"<!-- This site is optimized with the Yoast SEO plugin v27.4 - https:\/\/yoast.com\/product\/yoast-seo-wordpress\/ -->\n<title>Payerne<\/title>\n<meta name=\"description\" content=\"Payerne - Association Professionnelle Suisse A.P.P selon A. Tomatis\" \/>\n<meta name=\"robots\" content=\"index, follow, max-snippet:-1, max-image-preview:large, max-video-preview:-1\" \/>\n<link rel=\"canonical\" href=\"https:\/\/a-p-p.ch\/fr\/adresses-des-centres\/payerne\/\" \/>\n<meta property=\"og:locale\" content=\"fr_FR\" \/>\n<meta property=\"og:type\" content=\"article\" \/>\n<meta property=\"og:title\" content=\"Payerne\" \/>\n<meta property=\"og:description\" content=\"Payerne - Association Professionnelle Suisse A.P.P selon A. Tomatis\" \/>\n<meta property=\"og:url\" content=\"https:\/\/a-p-p.ch\/fr\/adresses-des-centres\/payerne\/\" \/>\n<meta property=\"og:site_name\" content=\"Association Professionnelle Suisse A.P.P selon A. Tomatis\" \/>\n<meta property=\"article:modified_time\" content=\"2024-08-17T17:59:02+00:00\" \/>\n<meta property=\"og:image\" content=\"https:\/\/a-p-p.ch\/wp-content\/uploads\/2022\/04\/APP-Spirale-mit-Text-Logo.png\" \/>\n\t<meta property=\"og:image:width\" content=\"1080\" \/>\n\t<meta property=\"og:image:height\" content=\"855\" \/>\n\t<meta property=\"og:image:type\" content=\"image\/png\" \/>\n<meta name=\"twitter:card\" content=\"summary_large_image\" \/>\n<meta name=\"twitter:label1\" content=\"Dur\u00e9e de lecture estim\u00e9e\" \/>\n\t<meta name=\"twitter:data1\" content=\"1 minute\" \/>\n<script type=\"application\/ld+json\" class=\"yoast-schema-graph\">{\"@context\":\"https:\\\/\\\/schema.org\",\"@graph\":[{\"@type\":\"WebPage\",\"@id\":\"https:\\\/\\\/a-p-p.ch\\\/fr\\\/adresses-des-centres\\\/payerne\\\/\",\"url\":\"https:\\\/\\\/a-p-p.ch\\\/fr\\\/adresses-des-centres\\\/payerne\\\/\",\"name\":\"Payerne\",\"isPartOf\":{\"@id\":\"https:\\\/\\\/a-p-p.ch\\\/fr\\\/#website\"},\"primaryImageOfPage\":{\"@id\":\"https:\\\/\\\/a-p-p.ch\\\/fr\\\/adresses-des-centres\\\/payerne\\\/#primaryimage\"},\"image\":{\"@id\":\"https:\\\/\\\/a-p-p.ch\\\/fr\\\/adresses-des-centres\\\/payerne\\\/#primaryimage\"},\"thumbnailUrl\":\"https:\\\/\\\/a-p-p.ch\\\/wp-content\\\/uploads\\\/2022\\\/04\\\/APP-Spirale-mit-Text-Logo.png\",\"datePublished\":\"2022-05-19T11:30:16+00:00\",\"dateModified\":\"2024-08-17T17:59:02+00:00\",\"description\":\"Payerne - Association Professionnelle Suisse A.P.P selon A. Tomatis\",\"breadcrumb\":{\"@id\":\"https:\\\/\\\/a-p-p.ch\\\/fr\\\/adresses-des-centres\\\/payerne\\\/#breadcrumb\"},\"inLanguage\":\"fr-FR\",\"potentialAction\":[{\"@type\":\"ReadAction\",\"target\":[\"https:\\\/\\\/a-p-p.ch\\\/fr\\\/adresses-des-centres\\\/payerne\\\/\"]}]},{\"@type\":\"ImageObject\",\"inLanguage\":\"fr-FR\",\"@id\":\"https:\\\/\\\/a-p-p.ch\\\/fr\\\/adresses-des-centres\\\/payerne\\\/#primaryimage\",\"url\":\"https:\\\/\\\/a-p-p.ch\\\/wp-content\\\/uploads\\\/2022\\\/04\\\/APP-Spirale-mit-Text-Logo.png\",\"contentUrl\":\"https:\\\/\\\/a-p-p.ch\\\/wp-content\\\/uploads\\\/2022\\\/04\\\/APP-Spirale-mit-Text-Logo.png\",\"width\":1080,\"height\":855},{\"@type\":\"BreadcrumbList\",\"@id\":\"https:\\\/\\\/a-p-p.ch\\\/fr\\\/adresses-des-centres\\\/payerne\\\/#breadcrumb\",\"itemListElement\":[{\"@type\":\"ListItem\",\"position\":1,\"name\":\"Startseite\",\"item\":\"https:\\\/\\\/a-p-p.ch\\\/fr\\\/home\\\/\"},{\"@type\":\"ListItem\",\"position\":2,\"name\":\"Adresses des centres\",\"item\":\"https:\\\/\\\/a-p-p.ch\\\/fr\\\/adresses-des-centres\\\/\"},{\"@type\":\"ListItem\",\"position\":3,\"name\":\"Payerne\"}]},{\"@type\":\"WebSite\",\"@id\":\"https:\\\/\\\/a-p-p.ch\\\/fr\\\/#website\",\"url\":\"https:\\\/\\\/a-p-p.ch\\\/fr\\\/\",\"name\":\"Schweizerischer Berufsverband f\u00fcr A.P.P. nach A. Tomatis\",\"description\":\"\",\"publisher\":{\"@id\":\"https:\\\/\\\/a-p-p.ch\\\/fr\\\/#organization\"},\"potentialAction\":[{\"@type\":\"SearchAction\",\"target\":{\"@type\":\"EntryPoint\",\"urlTemplate\":\"https:\\\/\\\/a-p-p.ch\\\/fr\\\/?s={search_term_string}\"},\"query-input\":{\"@type\":\"PropertyValueSpecification\",\"valueRequired\":true,\"valueName\":\"search_term_string\"}}],\"inLanguage\":\"fr-FR\"},{\"@type\":\"Organization\",\"@id\":\"https:\\\/\\\/a-p-p.ch\\\/fr\\\/#organization\",\"name\":\"Schweizerischer Berufsverband f\u00fcr A.P.P. nach A. Tomatis\",\"alternateName\":\"APP\",\"url\":\"https:\\\/\\\/a-p-p.ch\\\/fr\\\/\",\"logo\":{\"@type\":\"ImageObject\",\"inLanguage\":\"fr-FR\",\"@id\":\"https:\\\/\\\/a-p-p.ch\\\/fr\\\/#\\\/schema\\\/logo\\\/image\\\/\",\"url\":\"https:\\\/\\\/a-p-p.ch\\\/wp-content\\\/uploads\\\/2022\\\/04\\\/cropped-APP-Spirale-Logo.png\",\"contentUrl\":\"https:\\\/\\\/a-p-p.ch\\\/wp-content\\\/uploads\\\/2022\\\/04\\\/cropped-APP-Spirale-Logo.png\",\"width\":512,\"height\":512,\"caption\":\"Schweizerischer Berufsverband f\u00fcr A.P.P. nach A. Tomatis\"},\"image\":{\"@id\":\"https:\\\/\\\/a-p-p.ch\\\/fr\\\/#\\\/schema\\\/logo\\\/image\\\/\"}}]}<\/script>\n<!-- \/ Yoast SEO plugin. -->","yoast_head_json":{"title":"Payerne","description":"Payerne - Association Professionnelle Suisse A.P.P selon A. Tomatis","robots":{"index":"index","follow":"follow","max-snippet":"max-snippet:-1","max-image-preview":"max-image-preview:large","max-video-preview":"max-video-preview:-1"},"canonical":"https:\/\/a-p-p.ch\/fr\/adresses-des-centres\/payerne\/","og_locale":"fr_FR","og_type":"article","og_title":"Payerne","og_description":"Payerne - Association Professionnelle Suisse A.P.P selon A. Tomatis","og_url":"https:\/\/a-p-p.ch\/fr\/adresses-des-centres\/payerne\/","og_site_name":"Association Professionnelle Suisse A.P.P selon A. Tomatis","article_modified_time":"2024-08-17T17:59:02+00:00","og_image":[{"width":1080,"height":855,"url":"https:\/\/a-p-p.ch\/wp-content\/uploads\/2022\/04\/APP-Spirale-mit-Text-Logo.png","type":"image\/png"}],"twitter_card":"summary_large_image","twitter_misc":{"Dur\u00e9e de lecture estim\u00e9e":"1 minute"},"schema":{"@context":"https:\/\/schema.org","@graph":[{"@type":"WebPage","@id":"https:\/\/a-p-p.ch\/fr\/adresses-des-centres\/payerne\/","url":"https:\/\/a-p-p.ch\/fr\/adresses-des-centres\/payerne\/","name":"Payerne","isPartOf":{"@id":"https:\/\/a-p-p.ch\/fr\/#website"},"primaryImageOfPage":{"@id":"https:\/\/a-p-p.ch\/fr\/adresses-des-centres\/payerne\/#primaryimage"},"image":{"@id":"https:\/\/a-p-p.ch\/fr\/adresses-des-centres\/payerne\/#primaryimage"},"thumbnailUrl":"https:\/\/a-p-p.ch\/wp-content\/uploads\/2022\/04\/APP-Spirale-mit-Text-Logo.png","datePublished":"2022-05-19T11:30:16+00:00","dateModified":"2024-08-17T17:59:02+00:00","description":"Payerne - Association Professionnelle Suisse A.P.P selon A. Tomatis","breadcrumb":{"@id":"https:\/\/a-p-p.ch\/fr\/adresses-des-centres\/payerne\/#breadcrumb"},"inLanguage":"fr-FR","potentialAction":[{"@type":"ReadAction","target":["https:\/\/a-p-p.ch\/fr\/adresses-des-centres\/payerne\/"]}]},{"@type":"ImageObject","inLanguage":"fr-FR","@id":"https:\/\/a-p-p.ch\/fr\/adresses-des-centres\/payerne\/#primaryimage","url":"https:\/\/a-p-p.ch\/wp-content\/uploads\/2022\/04\/APP-Spirale-mit-Text-Logo.png","contentUrl":"https:\/\/a-p-p.ch\/wp-content\/uploads\/2022\/04\/APP-Spirale-mit-Text-Logo.png","width":1080,"height":855},{"@type":"BreadcrumbList","@id":"https:\/\/a-p-p.ch\/fr\/adresses-des-centres\/payerne\/#breadcrumb","itemListElement":[{"@type":"ListItem","position":1,"name":"Startseite","item":"https:\/\/a-p-p.ch\/fr\/home\/"},{"@type":"ListItem","position":2,"name":"Adresses des centres","item":"https:\/\/a-p-p.ch\/fr\/adresses-des-centres\/"},{"@type":"ListItem","position":3,"name":"Payerne"}]},{"@type":"WebSite","@id":"https:\/\/a-p-p.ch\/fr\/#website","url":"https:\/\/a-p-p.ch\/fr\/","name":"Schweizerischer Berufsverband f\u00fcr A.P.P. nach A. Tomatis","description":"","publisher":{"@id":"https:\/\/a-p-p.ch\/fr\/#organization"},"potentialAction":[{"@type":"SearchAction","target":{"@type":"EntryPoint","urlTemplate":"https:\/\/a-p-p.ch\/fr\/?s={search_term_string}"},"query-input":{"@type":"PropertyValueSpecification","valueRequired":true,"valueName":"search_term_string"}}],"inLanguage":"fr-FR"},{"@type":"Organization","@id":"https:\/\/a-p-p.ch\/fr\/#organization","name":"Schweizerischer Berufsverband f\u00fcr A.P.P. nach A. Tomatis","alternateName":"APP","url":"https:\/\/a-p-p.ch\/fr\/","logo":{"@type":"ImageObject","inLanguage":"fr-FR","@id":"https:\/\/a-p-p.ch\/fr\/#\/schema\/logo\/image\/","url":"https:\/\/a-p-p.ch\/wp-content\/uploads\/2022\/04\/cropped-APP-Spirale-Logo.png","contentUrl":"https:\/\/a-p-p.ch\/wp-content\/uploads\/2022\/04\/cropped-APP-Spirale-Logo.png","width":512,"height":512,"caption":"Schweizerischer Berufsverband f\u00fcr A.P.P. nach A. Tomatis"},"image":{"@id":"https:\/\/a-p-p.ch\/fr\/#\/schema\/logo\/image\/"}}]}},"_links":{"self":[{"href":"https:\/\/a-p-p.ch\/fr\/wp-json\/wp\/v2\/pages\/523","targetHints":{"allow":["GET"]}}],"collection":[{"href":"https:\/\/a-p-p.ch\/fr\/wp-json\/wp\/v2\/pages"}],"about":[{"href":"https:\/\/a-p-p.ch\/fr\/wp-json\/wp\/v2\/types\/page"}],"author":[{"embeddable":true,"href":"https:\/\/a-p-p.ch\/fr\/wp-json\/wp\/v2\/users\/2"}],"replies":[{"embeddable":true,"href":"https:\/\/a-p-p.ch\/fr\/wp-json\/wp\/v2\/comments?post=523"}],"version-history":[{"count":0,"href":"https:\/\/a-p-p.ch\/fr\/wp-json\/wp\/v2\/pages\/523\/revisions"}],"up":[{"embeddable":true,"href":"https:\/\/a-p-p.ch\/fr\/wp-json\/wp\/v2\/pages\/489"}],"wp:featuredmedia":[{"embeddable":true,"href":"https:\/\/a-p-p.ch\/fr\/wp-json\/wp\/v2\/media\/440"}],"wp:attachment":[{"href":"https:\/\/a-p-p.ch\/fr\/wp-json\/wp\/v2\/media?parent=523"}],"curies":[{"name":"wp","href":"https:\/\/api.w.org\/{rel}","templated":true}]}}